{"id":44,"date":"2022-10-01T19:23:32","date_gmt":"2022-10-01T19:23:32","guid":{"rendered":"https:\/\/spejdernes.dk\/?page_id=44"},"modified":"2025-02-10T20:37:39","modified_gmt":"2025-02-10T19:37:39","slug":"mini-center-koege-aas","status":"publish","type":"page","link":"https:\/\/spejdernes.dk\/index.php\/naturcentre\/mini-center-koege-aas\/","title":{"rendered":"Minicenter K\u00f8ge \u00c5s"},"content":{"rendered":"\n<div class=\"wp-block-columns is-layout-flex wp-container-core-columns-is-layout-8f761849 wp-block-columns-is-layout-flex\">\n<div class=\"wp-block-column is-layout-flow wp-block-column-is-layout-flow\">\n<p class=\"wp-block-paragraph\">Minicenter K\u00f8ge \u00c5s ligger p\u00e5 nordsiden af K\u00f8ge \u00c5s, som er en h\u00f8jderyg dannet af en smeltevandsflod fra den sidste istid, for ca. 12.000 \u00e5r siden.<\/p>\n\n\n\n<p class=\"wp-block-paragraph\">Hytten er p\u00e5 30 kvadratmetre med elvarme. Der er et opholdsrum med bord og stole, samt et rum med k\u00f8kkenafsnit og to toiletter. Der er 2 kogeplader, kaffemaskine samt k\u00f8leskab.<\/p>\n\n\n\n<p class=\"wp-block-paragraph\">P\u00e5 Minicenter K\u00f8ge \u00c5s\u00b4 omr\u00e5de (se markering p\u00e5 kort), m\u00e5 man f\u00e6rdes uindskr\u00e6nket hele \u00e5ret undtagen i april og maj, hvor der kun m\u00e5 f\u00e6rdes p\u00e5 veje og stier af hensyn til dyr og fugles yngletid. P\u00e5 de f\u00e5 dage i efter\u00e5ret, hvor skoven er lukket p\u00e5 grund af jagt, m\u00e5 man kun f\u00e6rdes p\u00e5 stien fra P-pladsen til de 2 hytter samt p\u00e5 minicenterets omr\u00e5de (se kort). P\u00e5 den \u00f8vrige del af \u00c5sen m\u00e5 man f\u00e6rdes p\u00e5 veje og stier. I \u00f8vrigt vil de almindelige regler, der findes ved alle indgange til \u00c5sen, v\u00e6re g\u00e6ldende.<\/p>\n<\/div>\n\n\n\n<div class=\"wp-block-column is-layout-flow wp-block-column-is-layout-flow\">\n<figure class=\"wp-block-image size-large\"><img loading=\"lazy\" decoding=\"async\" width=\"1024\" height=\"768\" src=\"https:\/\/spejdernes.dk\/wp-content\/uploads\/2022\/10\/natur-1024x768.jpg\" alt=\"\" class=\"wp-image-81\" srcset=\"https:\/\/spejdernes.dk\/wp-content\/uploads\/2022\/10\/natur-1024x768.jpg 1024w, https:\/\/spejdernes.dk\/wp-content\/uploads\/2022\/10\/natur-300x225.jpg 300w, https:\/\/spejdernes.dk\/wp-content\/uploads\/2022\/10\/natur-768x576.jpg 768w, https:\/\/spejdernes.dk\/wp-content\/uploads\/2022\/10\/natur-1536x1152.jpg 1536w, https:\/\/spejdernes.dk\/wp-content\/uploads\/2022\/10\/natur-2048x1536.jpg 2048w\" sizes=\"auto, (max-width: 1024px) 100vw, 1024px\" \/><\/figure>\n<\/div>\n<\/div>\n\n\n\n<p class=\"wp-block-paragraph\"><strong>OBS Minicenter K\u00f8ge \u00c5s m\u00e5 kun benyttes til arrangementer for og med b\u00f8rn.<\/strong><\/p>\n\n\n\n<p class=\"wp-block-paragraph\"><strong>Parkering og tilk\u00f8rsel<\/strong><br>Der er ikke tilladt at k\u00f8re ind i skoven. Parkering skal ske p\u00e5 den offentlige parkeringsplads. Er der ikke plads her, kan parkering ske p\u00e5 Salbyvej. Parker IKKE p\u00e5 de private veje og overhold i \u00f8vrigt reglerne for parkering.<\/p>\n\n\n\n<p class=\"wp-block-paragraph\"><strong>Brug af Minicenter<\/strong><\/p>\n\n\n\n<p class=\"wp-block-paragraph\">Minicenter K\u00f8ge \u00c5s kan bruges hverdage og l\u00f8rdage. De fleste s\u00f8ndage benyttes Minicenteret af K\u00f8ge Spejderne &#8211; men skriv til <a href=\"mailto:udlejer@spejdernes.dk\">udlejer@spejdernes.dk<\/a> for at h\u00f8re om tilg\u00e6ngelighed, hvis du vil leje Minicenteret en s\u00f8ndag.<\/p>\n\n\n\n<p class=\"wp-block-paragraph\">Efter brug af Minicenteret, er du selv ansvarlig for grundig reng\u00f8ring. Dette inkluderer reng\u00f8ring af toiletterne, feje og vaske gulv. K\u00f8kkenet og brugt k\u00f8kkenudstyr skal g\u00f8res rent. K\u00f8leskabet g\u00f8res rent, og efterlades \u00e5bent og slukket.<\/p>\n\n\n\n<p class=\"wp-block-paragraph\">Du kan overnatte i Minicenteret, men du skal v\u00e6re opm\u00e6rksom p\u00e5, at du de fleste dage skal forlade hytten inden kl 09.00 om morgenen.<\/p>\n\n\n\n<p class=\"wp-block-paragraph\">Ved leje af hytte kan du skrive en kommentar til udlejer, s\u00e5fremt du har specielle \u00f8nsker. Du kan leje Minicenteret p\u00e5 <a href=\"https:\/\/spejdernes.dk\/index.php\/booking\/naturcentre\/\">dette link<\/a>.<\/p>\n\n\n\n<p class=\"wp-block-paragraph\"><strong>Bem\u00e6rk<\/strong><\/p>\n\n\n\n<p class=\"wp-block-paragraph\">Hvis du lejer Minicenter K\u00f8ge \u00c5s til en gruppe p\u00e5 mere end 30 personer, p\u00e5l\u00e6gges et ekstra gebyr p\u00e5 50% af hyttelejen (med en \u00f8vre gr\u00e6nse af ekstra gebyr p\u00e5 1000,- kr). Dette skyldes ekstra udgift til t\u00f8mning af toilettank.<\/p>\n\n\n\n<p class=\"wp-block-paragraph\"><strong>Kontakt<\/strong><\/p>\n\n\n\n<div class=\"wp-block-columns alignwide is-layout-flex wp-container-core-columns-is-layout-8f761849 wp-block-columns-is-layout-flex\">\n<div class=\"wp-block-column has-text-color has-background has-link-color wp-elements-1 is-layout-flow wp-block-column-is-layout-flow\" style=\"color:#000000;background-color:#f1f1f1;padding-top:2em;padding-right:2em;padding-bottom:2em;padding-left:2em\">\n<h2 class=\"wp-block-heading\" id=\"single\" style=\"font-size:40px\"><strong>Asger Steffensen<\/strong><\/h2>\n\n\n\n<p class=\"has-normal-font-size wp-block-paragraph\" style=\"line-height:1.5\"><strong>Udlejer<\/strong><\/p>\n\n\n\n<p class=\"wp-block-paragraph\">Hvis du \u00f8nsker at leje en af vores lokationer, bedes du benytte vores <a href=\"https:\/\/spejdernes.dk\/index.php\/booking\/naturcentre\/\">online booking system<\/a>.<\/p>\n\n\n\n<hr class=\"wp-block-separator has-text-color has-css-opacity has-background is-style-wide\" style=\"background-color:#000000;color:#000000\"\/>\n\n\n\n<div class=\"wp-block-buttons alignfull is-horizontal is-content-justification-center is-layout-flex wp-container-core-buttons-is-layout-7d812b4c wp-block-buttons-is-layout-flex\">\n<div class=\"wp-block-button has-custom-width wp-block-button__width-100\"><a class=\"wp-block-button__link has-white-color has-text-color has-background no-border-radius wp-element-button\" href=\"mailto:udlejer@spejdernes.dk\" style=\"background-color:#000000\">E-mail<\/a><\/div>\n<\/div>\n<\/div>\n\n\n\n<div class=\"wp-block-column has-text-color has-background has-link-color wp-elements-2 is-layout-flow wp-block-column-is-layout-flow\" style=\"color:#000000;background-color:#f1f1f1;padding-top:2em;padding-right:2em;padding-bottom:2em;padding-left:2em\">\n<h2 class=\"wp-block-heading\" id=\"family\" style=\"font-size:40px\"><strong>Annelise Pedersen<\/strong><\/h2>\n\n\n\n<p class=\"has-normal-font-size wp-block-paragraph\" style=\"line-height:1.5\"><strong>Hyttevagt &#8211; tlf: <a href=\"tel:+4529936270\">+45 29 93 62 70<\/a><\/strong><\/p>\n\n\n\n<hr class=\"wp-block-separator has-css-opacity is-style-wide\"\/>\n\n\n\n<div class=\"wp-block-buttons alignfull is-horizontal is-content-justification-center is-layout-flex wp-container-core-buttons-is-layout-7d812b4c wp-block-buttons-is-layout-flex\">\n<div class=\"wp-block-button has-custom-width wp-block-button__width-100 is-style-fill\"><a class=\"wp-block-button__link has-white-color has-text-color has-background no-border-radius wp-element-button\" href=\"mailto:hyttevagt@spejdernes.dk\" style=\"background-color:#000000\">E-mail<\/a><\/div>\n<\/div>\n<\/div>\n<\/div>\n\n\n\n<p class=\"wp-block-paragraph\"><strong>Hyttens adresse<\/strong><\/p>\n\n\n\n<p class=\"wp-block-paragraph\">Salbyvej 23, 4600 K\u00f8ge<\/p>\n\n\n\n<p class=\"wp-block-paragraph\">(Der kan ikke sendes post til denne adresse)<\/p>\n\n\n\n<div class=\"wp-block-webfactory-map\"><div class=\"wp-block-webfactory-map\"><iframe loading=\"lazy\" title=\"Map\" width=\"100%\" height=\"500px\" src=\"https:\/\/www.google.com\/maps\/embed\/v1\/place?q=Salbyvej%2023%2C%204600%20K%C3%B8ge&amp;maptype=roadmap&amp;zoom=15&amp;key=AIzaSyAjyDspiPfzEfjRSS5fQzm-3jHFjHxeXB4\" frameborder=\"0\"><\/iframe><\/div><\/div>\n","protected":false},"excerpt":{"rendered":"<p>Minicenter K\u00f8ge \u00c5s ligger p\u00e5 nordsiden af K\u00f8ge \u00c5s, som er en h\u00f8jderyg dannet af en smeltevandsflod fra den sidste istid, for ca. 12.000 \u00e5r siden. Hytten er p\u00e5 30 [&hellip;]<\/p>\n","protected":false},"author":1,"featured_media":0,"parent":40,"menu_order":0,"comment_status":"closed","ping_status":"closed","template":"template-fullwidth.php","meta":{"footnotes":""},"class_list":["post-44","page","type-page","status-publish","hentry"],"yoast_head":"<!-- This site is optimized with the Yoast SEO plugin v28.3 - https:\/\/yoast.com\/product\/yoast-seo-wordpress\/ -->\n<title>Minicenter K\u00f8ge \u00c5s -<\/title>\n<meta name=\"robots\" content=\"index, follow, max-snippet:-1, max-image-preview:large, max-video-preview:-1\" \/>\n<link rel=\"canonical\" href=\"https:\/\/spejdernes.dk\/index.php\/naturcentre\/mini-center-koege-aas\/\" \/>\n<meta property=\"og:locale\" content=\"da_DK\" \/>\n<meta property=\"og:type\" content=\"article\" \/>\n<meta property=\"og:title\" content=\"Minicenter K\u00f8ge \u00c5s -\" \/>\n<meta property=\"og:description\" content=\"Minicenter K\u00f8ge \u00c5s ligger p\u00e5 nordsiden af K\u00f8ge \u00c5s, som er en h\u00f8jderyg dannet af en smeltevandsflod fra den sidste istid, for ca. 12.000 \u00e5r siden. Hytten er p\u00e5 30 [&hellip;]\" \/>\n<meta property=\"og:url\" content=\"https:\/\/spejdernes.dk\/index.php\/naturcentre\/mini-center-koege-aas\/\" \/>\n<meta property=\"article:modified_time\" content=\"2025-02-10T19:37:39+00:00\" \/>\n<meta property=\"og:image\" content=\"https:\/\/spejdernes.dk\/wp-content\/uploads\/2022\/10\/natur-scaled.jpg\" \/>\n\t<meta property=\"og:image:width\" content=\"2560\" \/>\n\t<meta property=\"og:image:height\" content=\"1920\" \/>\n\t<meta property=\"og:image:type\" content=\"image\/jpeg\" \/>\n<meta name=\"twitter:card\" content=\"summary_large_image\" \/>\n<meta name=\"twitter:label1\" content=\"Estimeret l\u00e6setid\" \/>\n\t<meta name=\"twitter:data1\" content=\"3 minutter\" \/>\n<script type=\"application\/ld+json\" class=\"yoast-schema-graph\">{\"@context\":\"https:\\\/\\\/schema.org\",\"@graph\":[{\"@type\":\"WebPage\",\"@id\":\"https:\\\/\\\/spejdernes.dk\\\/index.php\\\/naturcentre\\\/mini-center-koege-aas\\\/\",\"url\":\"https:\\\/\\\/spejdernes.dk\\\/index.php\\\/naturcentre\\\/mini-center-koege-aas\\\/\",\"name\":\"Minicenter K\u00f8ge \u00c5s -\",\"isPartOf\":{\"@id\":\"https:\\\/\\\/spejdernes.dk\\\/#website\"},\"primaryImageOfPage\":{\"@id\":\"https:\\\/\\\/spejdernes.dk\\\/index.php\\\/naturcentre\\\/mini-center-koege-aas\\\/#primaryimage\"},\"image\":{\"@id\":\"https:\\\/\\\/spejdernes.dk\\\/index.php\\\/naturcentre\\\/mini-center-koege-aas\\\/#primaryimage\"},\"thumbnailUrl\":\"https:\\\/\\\/spejdernes.dk\\\/wp-content\\\/uploads\\\/2022\\\/10\\\/natur-1024x768.jpg\",\"datePublished\":\"2022-10-01T19:23:32+00:00\",\"dateModified\":\"2025-02-10T19:37:39+00:00\",\"breadcrumb\":{\"@id\":\"https:\\\/\\\/spejdernes.dk\\\/index.php\\\/naturcentre\\\/mini-center-koege-aas\\\/#breadcrumb\"},\"inLanguage\":\"da-DK\",\"potentialAction\":[{\"@type\":\"ReadAction\",\"target\":[\"https:\\\/\\\/spejdernes.dk\\\/index.php\\\/naturcentre\\\/mini-center-koege-aas\\\/\"]}]},{\"@type\":\"ImageObject\",\"inLanguage\":\"da-DK\",\"@id\":\"https:\\\/\\\/spejdernes.dk\\\/index.php\\\/naturcentre\\\/mini-center-koege-aas\\\/#primaryimage\",\"url\":\"https:\\\/\\\/spejdernes.dk\\\/wp-content\\\/uploads\\\/2022\\\/10\\\/natur-1024x768.jpg\",\"contentUrl\":\"https:\\\/\\\/spejdernes.dk\\\/wp-content\\\/uploads\\\/2022\\\/10\\\/natur-1024x768.jpg\"},{\"@type\":\"BreadcrumbList\",\"@id\":\"https:\\\/\\\/spejdernes.dk\\\/index.php\\\/naturcentre\\\/mini-center-koege-aas\\\/#breadcrumb\",\"itemListElement\":[{\"@type\":\"ListItem\",\"position\":1,\"name\":\"Hjem\",\"item\":\"https:\\\/\\\/spejdernes.dk\\\/\"},{\"@type\":\"ListItem\",\"position\":2,\"name\":\"Naturcentre\",\"item\":\"https:\\\/\\\/spejdernes.dk\\\/index.php\\\/naturcentre\\\/\"},{\"@type\":\"ListItem\",\"position\":3,\"name\":\"Minicenter K\u00f8ge \u00c5s\"}]},{\"@type\":\"WebSite\",\"@id\":\"https:\\\/\\\/spejdernes.dk\\\/#website\",\"url\":\"https:\\\/\\\/spejdernes.dk\\\/\",\"name\":\"\",\"description\":\"\",\"potentialAction\":[{\"@type\":\"SearchAction\",\"target\":{\"@type\":\"EntryPoint\",\"urlTemplate\":\"https:\\\/\\\/spejdernes.dk\\\/?s={search_term_string}\"},\"query-input\":{\"@type\":\"PropertyValueSpecification\",\"valueRequired\":true,\"valueName\":\"search_term_string\"}}],\"inLanguage\":\"da-DK\"}]}<\/script>\n<!-- \/ Yoast SEO plugin. -->","yoast_head_json":{"title":"Minicenter K\u00f8ge \u00c5s -","robots":{"index":"index","follow":"follow","max-snippet":"max-snippet:-1","max-image-preview":"max-image-preview:large","max-video-preview":"max-video-preview:-1"},"canonical":"https:\/\/spejdernes.dk\/index.php\/naturcentre\/mini-center-koege-aas\/","og_locale":"da_DK","og_type":"article","og_title":"Minicenter K\u00f8ge \u00c5s -","og_description":"Minicenter K\u00f8ge \u00c5s ligger p\u00e5 nordsiden af K\u00f8ge \u00c5s, som er en h\u00f8jderyg dannet af en smeltevandsflod fra den sidste istid, for ca. 12.000 \u00e5r siden. Hytten er p\u00e5 30 [&hellip;]","og_url":"https:\/\/spejdernes.dk\/index.php\/naturcentre\/mini-center-koege-aas\/","article_modified_time":"2025-02-10T19:37:39+00:00","og_image":[{"width":2560,"height":1920,"url":"https:\/\/spejdernes.dk\/wp-content\/uploads\/2022\/10\/natur-scaled.jpg","type":"image\/jpeg"}],"twitter_card":"summary_large_image","twitter_misc":{"Estimeret l\u00e6setid":"3 minutter"},"schema":{"@context":"https:\/\/schema.org","@graph":[{"@type":"WebPage","@id":"https:\/\/spejdernes.dk\/index.php\/naturcentre\/mini-center-koege-aas\/","url":"https:\/\/spejdernes.dk\/index.php\/naturcentre\/mini-center-koege-aas\/","name":"Minicenter K\u00f8ge \u00c5s -","isPartOf":{"@id":"https:\/\/spejdernes.dk\/#website"},"primaryImageOfPage":{"@id":"https:\/\/spejdernes.dk\/index.php\/naturcentre\/mini-center-koege-aas\/#primaryimage"},"image":{"@id":"https:\/\/spejdernes.dk\/index.php\/naturcentre\/mini-center-koege-aas\/#primaryimage"},"thumbnailUrl":"https:\/\/spejdernes.dk\/wp-content\/uploads\/2022\/10\/natur-1024x768.jpg","datePublished":"2022-10-01T19:23:32+00:00","dateModified":"2025-02-10T19:37:39+00:00","breadcrumb":{"@id":"https:\/\/spejdernes.dk\/index.php\/naturcentre\/mini-center-koege-aas\/#breadcrumb"},"inLanguage":"da-DK","potentialAction":[{"@type":"ReadAction","target":["https:\/\/spejdernes.dk\/index.php\/naturcentre\/mini-center-koege-aas\/"]}]},{"@type":"ImageObject","inLanguage":"da-DK","@id":"https:\/\/spejdernes.dk\/index.php\/naturcentre\/mini-center-koege-aas\/#primaryimage","url":"https:\/\/spejdernes.dk\/wp-content\/uploads\/2022\/10\/natur-1024x768.jpg","contentUrl":"https:\/\/spejdernes.dk\/wp-content\/uploads\/2022\/10\/natur-1024x768.jpg"},{"@type":"BreadcrumbList","@id":"https:\/\/spejdernes.dk\/index.php\/naturcentre\/mini-center-koege-aas\/#breadcrumb","itemListElement":[{"@type":"ListItem","position":1,"name":"Hjem","item":"https:\/\/spejdernes.dk\/"},{"@type":"ListItem","position":2,"name":"Naturcentre","item":"https:\/\/spejdernes.dk\/index.php\/naturcentre\/"},{"@type":"ListItem","position":3,"name":"Minicenter K\u00f8ge \u00c5s"}]},{"@type":"WebSite","@id":"https:\/\/spejdernes.dk\/#website","url":"https:\/\/spejdernes.dk\/","name":"","description":"","potentialAction":[{"@type":"SearchAction","target":{"@type":"EntryPoint","urlTemplate":"https:\/\/spejdernes.dk\/?s={search_term_string}"},"query-input":{"@type":"PropertyValueSpecification","valueRequired":true,"valueName":"search_term_string"}}],"inLanguage":"da-DK"}]}},"_links":{"self":[{"href":"https:\/\/spejdernes.dk\/index.php\/wp-json\/wp\/v2\/pages\/44","targetHints":{"allow":["GET"]}}],"collection":[{"href":"https:\/\/spejdernes.dk\/index.php\/wp-json\/wp\/v2\/pages"}],"about":[{"href":"https:\/\/spejdernes.dk\/index.php\/wp-json\/wp\/v2\/types\/page"}],"author":[{"embeddable":true,"href":"https:\/\/spejdernes.dk\/index.php\/wp-json\/wp\/v2\/users\/1"}],"replies":[{"embeddable":true,"href":"https:\/\/spejdernes.dk\/index.php\/wp-json\/wp\/v2\/comments?post=44"}],"version-history":[{"count":10,"href":"https:\/\/spejdernes.dk\/index.php\/wp-json\/wp\/v2\/pages\/44\/revisions"}],"predecessor-version":[{"id":403,"href":"https:\/\/spejdernes.dk\/index.php\/wp-json\/wp\/v2\/pages\/44\/revisions\/403"}],"up":[{"embeddable":true,"href":"https:\/\/spejdernes.dk\/index.php\/wp-json\/wp\/v2\/pages\/40"}],"wp:attachment":[{"href":"https:\/\/spejdernes.dk\/index.php\/wp-json\/wp\/v2\/media?parent=44"}],"curies":[{"name":"wp","href":"https:\/\/api.w.org\/{rel}","templated":true}]}}